{"id":1303,"date":"2026-03-01T02:10:25","date_gmt":"2026-03-01T05:10:25","guid":{"rendered":"https:\/\/crp09.org.br\/site\/?page_id=1303"},"modified":"2026-04-29T15:19:32","modified_gmt":"2026-04-29T18:19:32","slug":"inscricao-secundaria","status":"publish","type":"page","link":"https:\/\/crp09.org.br\/site\/inscricao-secundaria\/","title":{"rendered":"Inscri\u00e7\u00e3o Secund\u00e1ria"},"content":{"rendered":"\t\t<div data-elementor-type=\"wp-page\" data-elementor-id=\"1303\" class=\"elementor elementor-1303\" data-elementor-post-type=\"page\">\n\t\t\t\t<div class=\"elementor-element elementor-element-cd1ed1d e-flex e-con-boxed e-con e-parent\" data-id=\"cd1ed1d\" data-element_type=\"container\" data-e-type=\"container\">\n\t\t\t\t\t<div class=\"e-con-inner\">\n\t\t\t\t<div class=\"elementor-element elementor-element-7e563f3 elementor-widget elementor-widget-heading\" data-id=\"7e563f3\" data-element_type=\"widget\" data-e-type=\"widget\" data-widget_type=\"heading.default\">\n\t\t\t\t\t<h2 class=\"elementor-heading-title elementor-size-default\">Inscri\u00e7\u00e3o Secund\u00e1ria no CRP-09<\/h2>\t\t\t\t<\/div>\n\t\t\t\t\t<\/div>\n\t\t\t\t<\/div>\n\t\t<div class=\"elementor-element elementor-element-c9d25b1 e-flex e-con-boxed e-con e-parent\" data-id=\"c9d25b1\" data-element_type=\"container\" data-e-type=\"container\">\n\t\t\t\t\t<div class=\"e-con-inner\">\n\t\t<div class=\"elementor-element elementor-element-4b46813 e-con-full e-flex e-con e-child\" data-id=\"4b46813\" data-element_type=\"container\" data-e-type=\"container\">\n\t\t\t\t<div class=\"elementor-element elementor-element-0d5b77b elementor-widget elementor-widget-text-editor\" data-id=\"0d5b77b\" data-element_type=\"widget\" data-e-type=\"widget\" data-widget_type=\"text-editor.default\">\n\t\t\t\t\t\t\t\t\t<p>A inscri\u00e7\u00e3o secund\u00e1ria nos CRP\u2019s \u00e9 regulamentada pela Resolu\u00e7\u00e3o CFP n.\u00ba 03\/2007 e altera\u00e7\u00f5es posteriores e pela Portaria CRP-09 n\u00ba 015\/2016;<\/p>\n<p>A inscri\u00e7\u00e3o secund\u00e1ria deve ser realizada de <strong>forma online<\/strong>, no bot\u00e3o <span style=\"color: #3366ff;\"><strong>ACESSAR OS REQUERIMENTOS ONLINE<\/strong><\/span> que fica localizado <strong>ap\u00f3s as instru\u00e7\u00f5es<\/strong>.<\/p>\n<p><span style=\"color: #3366ff;\"><strong>ATEN\u00c7\u00c3O:<\/strong> <em><strong>Para a solicita\u00e7\u00e3o da Inscri\u00e7\u00e3o Secund\u00e1ria a psic\u00f3loga(o) n\u00e3o poder\u00e1 ter pend\u00eancia \u00e9tica e financeira no CRP principal. (em atendimento \u00e0s exig\u00eancias da Resolu\u00e7\u00e3o CFP 20\/2018).<\/strong><\/em><\/span><\/p>\n<p><strong><span style=\"color: #ff0000;\">&#8211;&nbsp; Os valores das taxas vigentes neste ano de 2026 s\u00e3o:<\/span><\/strong><\/p>\n<ul>\n<li><strong><span style=\"color: #ff0000;\">Taxa de Inscri\u00e7\u00e3o Secund\u00e1ria: R$ 334,78<\/span><\/strong><\/li>\n<li><strong><span style=\"color: #ff0000;\">Taxa de Emiss\u00e3o da Carteira: R$ 100,43<\/span><\/strong><\/li>\n<li><strong><span style=\"color: #ff0000;\">Total de taxas: <span style=\"background-color: yellow;\">R$ 435,21<\/span><\/span><\/strong><\/li>\n<\/ul>\n<p>O exerc\u00edcio da profiss\u00e3o fora da \u00e1rea de jurisdi\u00e7\u00e3o do CRP no qual o(a) psic\u00f3logo(a) tenha inscri\u00e7\u00e3o principal, quando realizado por tempo igual ou superior a 90 (noventa) dias por ano, em cada regi\u00e3o, obriga o(a) psic\u00f3logo(a) a fazer uma inscri\u00e7\u00e3o secund\u00e1ria no Conselho com jurisdi\u00e7\u00e3o onde o trabalho est\u00e1 sendo realizado.<\/p>\n<p>Se as atividades desenvolvidas ocorrerem por um per\u00edodo inferior a 90 (noventa) dias por ano, em cada regi\u00e3o, ser\u00e3o consideradas de natureza eventual e, por conseguinte, n\u00e3o sujeitar\u00e3o o(a) psic\u00f3logo(a) \u00e0 inscri\u00e7\u00e3o secund\u00e1ria.<\/p>\n<p>A inscri\u00e7\u00e3o secund\u00e1ria \u00e9 isenta do pagamento de anuidade, devendo o(a) psic\u00f3logo(a) pagar apenas taxas e emolumentos decorrentes da inscri\u00e7\u00e3o secund\u00e1ria.<\/p>\n<p>A inscri\u00e7\u00e3o secund\u00e1ria ter\u00e1 validade de <b>2 ANOS<\/b>, a partir da data do deferimento da inscri\u00e7\u00e3o secund\u00e1ria pelo Plen\u00e1rio. N\u00e3o havendo o requerimento de renova\u00e7\u00e3o da carteira de identidade profissional secund\u00e1ria no prazo de 30 dias a partir da data de vencimento, ser\u00e1 enviada notifica\u00e7\u00e3o ao profissional concedendo-lhe o prazo de trinta dias para renova\u00e7\u00e3o e vencido esse prazo a inscri\u00e7\u00e3o secund\u00e1ria ser\u00e1 cancelada de of\u00edcio.<\/p>\n<p><span style=\"color: #3366ff;\"><b>DEVER\u00c3O SER APRESENTADOS OS SEGUINTES DOCUMENTOS (ELES DEVEM SER DIGITALIZADOS E ANEXADOS EM FORMATO PDF):<\/b><\/span><\/p>\n<p><span style=\"color: #3366ff;\"><strong>1.<\/strong><\/span> Diploma (frente e verso) de psic\u00f3logo (a), devidamente assinado pelo (a) diplomado (a), ou Certid\u00e3o de Cola\u00e7\u00e3o de Grau do Curso de Psicologia &#8211; Grau psic\u00f3logo, expedidos por institui\u00e7\u00f5es reconhecidas pelo MEC;<br><span style=\"color: #3366ff;\"><strong>2<\/strong><\/span>. Hist\u00f3rico Escolar de Gradua\u00e7\u00e3o em Psicologia (caso tenha ocorrido o aproveitamento de cr\u00e9dito de outro curso, na mesma institui\u00e7\u00e3o de ensino ou de outra institui\u00e7\u00e3o de ensino, dever\u00e1 ser apresentado tamb\u00e9m o hist\u00f3rico relativo ao aproveitamento);<br><span style=\"color: #3366ff;\"><strong>3<\/strong><\/span>. Comprovante de Situa\u00e7\u00e3o Cadastral junto ao CPF pode ser emitido <span style=\"color: #3366ff;\"><a style=\"color: #3366ff;\" href=\"https:\/\/servicos.receita.fazenda.gov.br\/servicos\/cpf\/consultasituacao\/ConsultaPublica.asp\" target=\"_blank\" rel=\"noopener\"><strong>clicando aqui<\/strong><\/a><\/span>;<br><span style=\"color: #3366ff;\"><strong>4.<\/strong><\/span> Certid\u00e3o de quita\u00e7\u00e3o eleitoral pode ser obtida <a href=\"https:\/\/www.tse.jus.br\/servicos-eleitorais\/autoatendimento-eleitoral#\/certidoes-eleitor\" target=\"_blank\" rel=\"noopener\"><span style=\"color: #3366ff;\"><strong>clicando aqui<\/strong><\/span><\/a>;<br><span style=\"color: #3366ff;\"><strong>5.<\/strong><\/span> Documento de Identidade;<br><span style=\"color: #3366ff;\"><strong>6.<\/strong><\/span> Certid\u00e3o de nascimento\/casamento; Averba\u00e7\u00e3o emitida pelo cart\u00f3rio no caso de div\u00f3rcio ou viuvez;<br><strong><span style=\"color: #3366ff;\">7.<\/span><\/strong> Certificado de Reservista Militar (CRM) ou de Dispensa de Incorpora\u00e7\u00e3o &#8211; CDI (se do sexo masculino);<br><span style=\"color: #3366ff;\"><strong>8.<\/strong><\/span> Carteira de Identidade Profissional da Regional onde possui Inscri\u00e7\u00e3o Principal;<br><span style=\"color: #3366ff;\"><strong>9.<\/strong><\/span> Certid\u00e3o Negativa (Certid\u00e3o de Regularidade) emitida pelo CRP da Inscri\u00e7\u00e3o Principal; <span style=\"color: #3366ff;\"><b>ATEN\u00c7\u00c3O: Para a solicita\u00e7\u00e3o da Inscri\u00e7\u00e3o Secund\u00e1ria a psic\u00f3loga(o) n\u00e3o poder\u00e1 ter pend\u00eancia \u00e9tica e financeira no CRP principal. (em atendimento \u00e0s exig\u00eancias da Resolu\u00e7\u00e3o CFP 20\/2018).<br><\/b><\/span><span style=\"color: rgb(51, 102, 255);\"><b>10.<\/b><\/span><span style=\"font-weight: inherit;\">&nbsp;Comprovante de endere\u00e7o<\/span><span style=\"font-family: inherit; font-size: inherit; font-style: inherit; font-variant-ligatures: inherit; font-variant-caps: inherit;\"><span style=\"font-weight: inherit;\">;<\/span><br><\/span><strong><span style=\"color: rgb(51, 102, 255);\">11.<\/span><\/strong><span style=\"font-weight: inherit;\">&nbsp;Comprovante de endere\u00e7o profissional recente no estado de Goi\u00e1s;<\/span><br><span style=\"font-family: inherit; font-size: inherit; font-style: inherit; font-variant-ligatures: inherit; font-variant-caps: inherit; font-weight: inherit; color: rgb(51, 102, 255);\"><strong>12.<\/strong><\/span><span style=\"font-family: inherit; font-size: inherit; font-style: inherit; font-variant-ligatures: inherit; font-variant-caps: inherit; font-weight: inherit;\"> Requerimento de Inclus\u00e3o de Nome Social (<\/span><a href=\"https:\/\/crp09.org.br\/site\/wp-content\/uploads\/2026\/03\/Requerimento_inclusao_NOME_SOCIAL.pdf\" target=\"_blank\" rel=\"noopener\" style=\"font-family: inherit; font-size: inherit; font-style: inherit; font-variant-ligatures: inherit; font-variant-caps: inherit; font-weight: inherit;\"><span style=\"color: #3366ff;\"><strong>clicando aqui<\/strong><\/span><\/a><span style=\"font-family: inherit; font-size: inherit; font-style: inherit; font-variant-ligatures: inherit; font-variant-caps: inherit; font-weight: inherit;\">), nos casos de pessoas transexuais e travestis, que escolham o direito de tratamento nominal a ser inserido na Carteira de Identidade Profissional, conforme resolu\u00e7\u00e3o do CFP n\u00b0 10\/2018. ANEXO01 PASTA DE INCLUS\u00c3O NOME SOCIAL.<\/span><\/p>\n<p><strong><span style=\"color: #3366ff;\">ATEN\u00c7\u00c3O:<\/span><\/strong><\/p>\n<p>&#8211; Ap\u00f3s a an\u00e1lise processual ser\u00e1 emitido o <strong>boleto<\/strong> a ser pago, no qual ser\u00e1 encaminhado via e-mail para o requerente. Pedimos que AGUARDE o envio do boleto, pois ser\u00e1 encaminhado somente ap\u00f3s a an\u00e1lise do processo.<\/p>\n<p>&#8211;&nbsp; Os valores das taxas vigentes s\u00e3o: a Taxa de Inscri\u00e7\u00e3o Secund\u00e1ria <strong>R$334,78<\/strong> e a Taxa de Emiss\u00e3o da Carteira de Identidade Profissional: <strong>R$100,43<\/strong>.<\/p>\n<p>&#8211; Ao preencher os dados solicitados no Formul\u00e1rio Online, dentro do Requerimento, o solicitante dever\u00e1 marcar a forma de <b>Recebimento da Carteira de Identidade Profissional (CIP)<\/b>, se deseja receber na sede do CRP-09 ou no endere\u00e7o residencial via Correios.<\/p>\n<p><span style=\"color: #3366ff;\"><b>OBSERVA\u00c7\u00d5ES IMPORTANTES:<\/b><\/span><\/p>\n<p>I. Processos com documenta\u00e7\u00e3o incompleta n\u00e3o seguir\u00e3o em tramita\u00e7\u00e3o. Caso isso ocorra, o requerente receber\u00e1, via e-mail, as orienta\u00e7\u00f5es dos documentos faltantes e\/ou equivocados, para que, no prazo de 10 (dez) dias \u00fateis, sejam completados e\/ou solucionados, sob pena de<strong> indeferimento do pedido.<\/strong><\/p>\n<p><strong>II. O documento de identifica\u00e7\u00e3o apresentado n\u00e3o ser\u00e1 aceito em mau estado de conserva\u00e7\u00e3o, com prazo de validade expirado ou se n\u00e3o contiver o nome atualizado em raz\u00e3o de qualquer altera\u00e7\u00e3o. Os demais documentos apresentados dever\u00e3o estar atualizados conforme o documento de identifica\u00e7\u00e3o. Havendo altera\u00e7\u00e3o de estado civil todos os documentos dever\u00e3o ser atualizados nos \u00f3rg\u00e3os competentes (Lei 6.206\/75), mesmo se n\u00e3o houver altera\u00e7\u00e3o de nome;<\/strong><\/p>\n<p>III. Para os concluintes do curso de Psicologia, em data anterior a resolu\u00e7\u00e3o RES CNE n\u00ba 8 de 7 de maio de 2004, dever\u00e1 ser apresentado o Diploma contendo o \u201ct\u00edtulo de psic\u00f3logo\u201d ou uma declara\u00e7\u00e3o emitida pela institui\u00e7\u00e3o de ensino superior informando a realiza\u00e7\u00e3o da forma\u00e7\u00e3o de psic\u00f3logo na gradua\u00e7\u00e3o.<\/p>\n<p><strong><span style=\"color: #ff0000;\">IV. Prazo para envio do link para acesso ao n\u00famero do CRP e para realiza\u00e7\u00e3o da coleta biom\u00e9trica para confec\u00e7\u00e3o da Carteira de Identidade Profissional de Psic\u00f3loga(o) :<\/span><\/strong><\/p>\n<p><span style=\"color: #000000;\"><strong>60 dias, a partir do cumprimento das exig\u00eancias documentais.<\/strong><\/span><\/p>\n<p><span style=\"color: #0000ff;\"><strong>V. Prazo para confec\u00e7\u00e3o da carteira: 60 dias, contados a partir da data da coleta biom\u00e9trica.<\/strong><\/span><\/p>\n<p style=\"text-align: center;\"><span style=\"color: #3366ff;\"><strong>PARA REALIZAR A INSCRI\u00c7\u00c3O SECUND\u00c1RIA CLIQUE NO BOT\u00c3O ABAIXO:<\/strong><br><\/span><span style=\"color: #3366ff;\"><strong>OBS:<\/strong> Antes de acessar os requerimentos online esteja com toda documenta\u00e7\u00e3o exigida digitalizada e no formato de PDF.<\/span><\/p>\t\t\t\t\t\t\t\t<\/div>\n\t\t\t\t<div class=\"elementor-element elementor-element-d5f8f35 elementor-align-center elementor-widget elementor-widget-button\" data-id=\"d5f8f35\" data-element_type=\"widget\" data-e-type=\"widget\" data-widget_type=\"button.default\">\n\t\t\t\t\t\t\t\t\t\t<a class=\"elementor-button elementor-button-link elementor-size-sm\" href=\"https:\/\/cfpservicos.brctotal.com\/crp09_servicosonline\/AreaInscrito\/Login\/Login.aspx\" target=\"_blank\">\n\t\t\t\t\t\t<span class=\"elementor-button-content-wrapper\">\n\t\t\t\t\t\t\t\t\t<span class=\"elementor-button-text\">ACESSAR OS REQUERIMENTOS ONLINE<\/span>\n\t\t\t\t\t<\/span>\n\t\t\t\t\t<\/a>\n\t\t\t\t\t\t\t\t<\/div>\n\t\t\t\t<\/div>\n\t\t\t\t\t<\/div>\n\t\t\t\t<\/div>\n\t\t\t\t<\/div>\n\t\t","protected":false},"excerpt":{"rendered":"<p>Inscri\u00e7\u00e3o Secund\u00e1ria no CRP-09 A inscri\u00e7\u00e3o secund\u00e1ria nos CRP\u2019s \u00e9 regulamentada pela Resolu\u00e7\u00e3o CFP n.\u00ba 03\/2007 e altera\u00e7\u00f5es posteriores e pela Portaria CRP-09 n\u00ba 015\/2016; A inscri\u00e7\u00e3o secund\u00e1ria deve ser realizada de forma online, no bot\u00e3o ACESSAR OS REQUERIMENTOS ONLINE que fica localizado ap\u00f3s as instru\u00e7\u00f5es. ATEN\u00c7\u00c3O: Para a solicita\u00e7\u00e3o da Inscri\u00e7\u00e3o Secund\u00e1ria a psic\u00f3loga(o) [&hellip;]<\/p>\n","protected":false},"author":2,"featured_media":0,"parent":0,"menu_order":0,"comment_status":"closed","ping_status":"closed","template":"","meta":{"footnotes":""},"class_list":["post-1303","page","type-page","status-publish","hentry"],"blocksy_meta":[],"_links":{"self":[{"href":"https:\/\/crp09.org.br\/site\/wp-json\/wp\/v2\/pages\/1303","targetHints":{"allow":["GET"]}}],"collection":[{"href":"https:\/\/crp09.org.br\/site\/wp-json\/wp\/v2\/pages"}],"about":[{"href":"https:\/\/crp09.org.br\/site\/wp-json\/wp\/v2\/types\/page"}],"author":[{"embeddable":true,"href":"https:\/\/crp09.org.br\/site\/wp-json\/wp\/v2\/users\/2"}],"replies":[{"embeddable":true,"href":"https:\/\/crp09.org.br\/site\/wp-json\/wp\/v2\/comments?post=1303"}],"version-history":[{"count":30,"href":"https:\/\/crp09.org.br\/site\/wp-json\/wp\/v2\/pages\/1303\/revisions"}],"predecessor-version":[{"id":2352,"href":"https:\/\/crp09.org.br\/site\/wp-json\/wp\/v2\/pages\/1303\/revisions\/2352"}],"wp:attachment":[{"href":"https:\/\/crp09.org.br\/site\/wp-json\/wp\/v2\/media?parent=1303"}],"curies":[{"name":"wp","href":"https:\/\/api.w.org\/{rel}","templated":true}]}}