{"id":81,"date":"2026-02-25T17:02:06","date_gmt":"2026-02-25T20:02:06","guid":{"rendered":"https:\/\/crp09.org.br\/site\/?page_id=81"},"modified":"2026-02-25T17:51:20","modified_gmt":"2026-02-25T20:51:20","slug":"crepop","status":"publish","type":"page","link":"https:\/\/crp09.org.br\/site\/crepop\/","title":{"rendered":"CREPOP"},"content":{"rendered":"\t\t<div data-elementor-type=\"wp-page\" data-elementor-id=\"81\" class=\"elementor elementor-81\" data-elementor-post-type=\"page\">\n\t\t\t\t<div class=\"elementor-element elementor-element-7fc611b e-flex e-con-boxed e-con e-parent\" data-id=\"7fc611b\" data-element_type=\"container\" data-e-type=\"container\">\n\t\t\t\t\t<div class=\"e-con-inner\">\n\t\t<div class=\"elementor-element elementor-element-2f1d2c7 e-con-full e-flex e-con e-child\" data-id=\"2f1d2c7\" data-element_type=\"container\" data-e-type=\"container\" data-settings=\"{&quot;shape_divider_top&quot;:&quot;book&quot;}\">\n\t\t\t\t<div class=\"elementor-shape elementor-shape-top\" aria-hidden=\"true\" data-negative=\"false\">\n\t\t\t<svg xmlns=\"http:\/\/www.w3.org\/2000\/svg\" viewBox=\"0 0 1000 100\" preserveAspectRatio=\"none\">\n\t<path class=\"elementor-shape-fill\" d=\"M194,99c186.7,0.7,305-78.3,306-97.2c1,18.9,119.3,97.9,306,97.2c114.3-0.3,194,0.3,194,0.3s0-91.7,0-100c0,0,0,0,0-0 L0,0v99.3C0,99.3,79.7,98.7,194,99z\"\/>\n<\/svg>\t\t<\/div>\n\t\t\t\t<div class=\"elementor-element elementor-element-85a154d elementor-widget__width-initial elementor-widget elementor-widget-image\" data-id=\"85a154d\" data-element_type=\"widget\" data-e-type=\"widget\" data-widget_type=\"image.default\">\n\t\t\t\t\t\t\t\t\t\t\t\t\t\t\t<img fetchpriority=\"high\" decoding=\"async\" width=\"706\" height=\"354\" src=\"https:\/\/crp09.org.br\/site\/wp-content\/uploads\/2026\/02\/ad269-crepop-removebg-preview.png\" class=\"attachment-1536x1536 size-1536x1536 wp-image-83\" alt=\"\" srcset=\"https:\/\/crp09.org.br\/site\/wp-content\/uploads\/2026\/02\/ad269-crepop-removebg-preview.png 706w, https:\/\/crp09.org.br\/site\/wp-content\/uploads\/2026\/02\/ad269-crepop-removebg-preview-300x150.png 300w\" sizes=\"(max-width: 706px) 100vw, 706px\" \/>\t\t\t\t\t\t\t\t\t\t\t\t\t\t\t<\/div>\n\t\t\t\t<\/div>\n\t\t<div class=\"elementor-element elementor-element-79f1dda e-con-full e-flex e-con e-child\" data-id=\"79f1dda\" data-element_type=\"container\" data-e-type=\"container\">\n\t\t\t\t<div class=\"elementor-element elementor-element-c56e2cf elementor-widget__width-inherit elementor-widget elementor-widget-text-editor\" data-id=\"c56e2cf\" data-element_type=\"widget\" data-e-type=\"widget\" data-widget_type=\"text-editor.default\">\n\t\t\t\t\t\t\t\t\t<p>A Assessora t\u00e9cnica e de Pesquisa Regina Magna Fonseca (CRP 09\/4306) iniciou o seu trabalho no CREPOP do Conselho Regional de Psicologia de Goi\u00e1s (CRP09) em 2016. Ela explica que o CREPOP foi fundado em 2006, sendo que apartir de 2017 foi realizado um amplo processo de revis\u00e3o de todas as refer\u00eancias t\u00e9cnicas publicadas entre os anos de 2007 a 2013, al\u00e9m da retomada de outras que ficaram paralisadas durante seu processo de elabora\u00e7\u00e3o.\u00a0Em seis anos de intenso trabalho, o CREPOP\/CFP publicou\u00a0<strong>20 refer\u00eancias t\u00e9cnicas<\/strong>, revisou 11 t\u00edtulos e lan\u00e7ou nove t\u00edtulos in\u00e9ditos. Somos atualmente 24 Conselhos Regionais atuando de forma conjunta com o CREPOP nacional\/CFP que se re\u00fane para pesquisar o fazer da(o) Psic\u00f3loga(o) no Brasil e com isso dar visibilidade ao trabalho de todas(os) profissionais nas pol\u00edticas p\u00fablicas.<br \/>\u00a0 \u00a0 \u00a0 \u00a0 \u00a0 O CREPOP foi institu\u00eddo e regulamentado no CRP09 por meio da Resolu\u00e7\u00e3o N.\u00ba 001\/2022, de 13 de setembro. Em Goi\u00e1s, a primeira pesquisadora do CREPOP\u2013GO foi a saudosa psic\u00f3loga Marlene Barbaresco (CRP 09\/2692), que atuou entre 2006 a 2015.<\/p>\t\t\t\t\t\t\t\t<\/div>\n\t\t\t\t<\/div>\n\t\t\t\t\t<\/div>\n\t\t\t\t<\/div>\n\t\t<div class=\"elementor-element elementor-element-376ae1d e-flex e-con-boxed e-con e-parent\" data-id=\"376ae1d\" data-element_type=\"container\" data-e-type=\"container\">\n\t\t\t\t\t<div class=\"e-con-inner\">\n\t\t\t\t\t<\/div>\n\t\t\t\t<\/div>\n\t\t<div class=\"elementor-element elementor-element-6e2b82a e-flex e-con-boxed e-con e-parent\" data-id=\"6e2b82a\" data-element_type=\"container\" data-e-type=\"container\">\n\t\t\t\t\t<div class=\"e-con-inner\">\n\t\t\t\t<div class=\"elementor-element elementor-element-b2f5a0b elementor-widget elementor-widget-heading\" data-id=\"b2f5a0b\" data-element_type=\"widget\" data-e-type=\"widget\" data-widget_type=\"heading.default\">\n\t\t\t\t\t<h2 class=\"elementor-heading-title elementor-size-default\">Qual a import\u00e2ncia da pesquisa para o fortalecimento da nossa profiss\u00e3o com bases \u00e9ticas e cientificas?\n\n<\/h2>\t\t\t\t<\/div>\n\t\t\t\t\t<\/div>\n\t\t\t\t<\/div>\n\t\t<div class=\"elementor-element elementor-element-70a7d59 e-flex e-con-boxed e-con e-parent\" data-id=\"70a7d59\" data-element_type=\"container\" data-e-type=\"container\">\n\t\t\t\t\t<div class=\"e-con-inner\">\n\t\t\t\t<div class=\"elementor-element elementor-element-a1dde5f elementor-widget elementor-widget-text-editor\" data-id=\"a1dde5f\" data-element_type=\"widget\" data-e-type=\"widget\" data-widget_type=\"text-editor.default\">\n\t\t\t\t\t\t\t\t\t<p>A \u00e9tica e a ci\u00eancia s\u00e3o os pilares da profiss\u00e3o de psicologia, sendo que as pesquisas ajudam a estabelecer essas bases \u00e9ticas e cientificas para a profiss\u00e3o, auxiliando os profissionais a cada vez mais fornecerem um trabalho de alta qualidade, baseado em evid\u00eancias o que acaba contribuindo para o fortalecimento da profiss\u00e3o. A pesquisa ajuda no avan\u00e7o do conhecimento sobre o comportamento humano e a forma como esse comportamento pode ser melhor aproveitado para uma maior compreens\u00e3o das rela\u00e7\u00f5es.<\/p>\t\t\t\t\t\t\t\t<\/div>\n\t\t\t\t\t<\/div>\n\t\t\t\t<\/div>\n\t\t<div class=\"elementor-element elementor-element-1525553 e-flex e-con-boxed e-con e-parent\" data-id=\"1525553\" data-element_type=\"container\" data-e-type=\"container\">\n\t\t\t\t\t<div class=\"e-con-inner\">\n\t\t\t\t<div class=\"elementor-element elementor-element-f5c6aa4 elementor-widget elementor-widget-heading\" data-id=\"f5c6aa4\" data-element_type=\"widget\" data-e-type=\"widget\" data-widget_type=\"heading.default\">\n\t\t\t\t\t<h2 class=\"elementor-heading-title elementor-size-default\"> O que s\u00e3o Pol\u00edticas P\u00fablicas?\n\n<\/h2>\t\t\t\t<\/div>\n\t\t\t\t\t<\/div>\n\t\t\t\t<\/div>\n\t\t<div class=\"elementor-element elementor-element-0745a1c e-flex e-con-boxed e-con e-parent\" data-id=\"0745a1c\" data-element_type=\"container\" data-e-type=\"container\">\n\t\t\t\t\t<div class=\"e-con-inner\">\n\t\t\t\t<div class=\"elementor-element elementor-element-9ce22b8 elementor-widget elementor-widget-text-editor\" data-id=\"9ce22b8\" data-element_type=\"widget\" data-e-type=\"widget\" data-widget_type=\"text-editor.default\">\n\t\t\t\t\t\t\t\t\t<p>S\u00e3o conjuntos de programas, a\u00e7\u00f5es e decis\u00f5es tomadas pelos governos (nacionais, estaduais ou municipais) com a participa\u00e7\u00e3o, direta ou indireta, de entes p\u00fablicos ou privados e que visam assegurar determinado direito de cidadania para v\u00e1rios grupos da sociedade ou para determinado segmento social, cultural, \u00e9tnico ou econ\u00f4mico.\u00a0<a href=\"https:\/\/www.politize.com.br\/politicas-publicas\/\">Em outras palavras, correspondem a direitos assegurados pela Constitui\u00e7\u00e3o<\/a>\u00a0Brasileira.<\/p>\t\t\t\t\t\t\t\t<\/div>\n\t\t\t\t\t<\/div>\n\t\t\t\t<\/div>\n\t\t<div class=\"elementor-element elementor-element-2c2a418 e-flex e-con-boxed e-con e-parent\" data-id=\"2c2a418\" data-element_type=\"container\" data-e-type=\"container\">\n\t\t\t\t\t<div class=\"e-con-inner\">\n\t\t\t\t<div class=\"elementor-element elementor-element-aa18fe2 elementor-widget elementor-widget-heading\" data-id=\"aa18fe2\" data-element_type=\"widget\" data-e-type=\"widget\" data-widget_type=\"heading.default\">\n\t\t\t\t\t<h2 class=\"elementor-heading-title elementor-size-default\">Por que precisamos de pol\u00edticas p\u00fablicas?\n\n<\/h2>\t\t\t\t<\/div>\n\t\t\t\t\t<\/div>\n\t\t\t\t<\/div>\n\t\t<div class=\"elementor-element elementor-element-b7b921e e-flex e-con-boxed e-con e-parent\" data-id=\"b7b921e\" data-element_type=\"container\" data-e-type=\"container\">\n\t\t\t\t\t<div class=\"e-con-inner\">\n\t\t\t\t<div class=\"elementor-element elementor-element-5ef107e elementor-widget elementor-widget-text-editor\" data-id=\"5ef107e\" data-element_type=\"widget\" data-e-type=\"widget\" data-widget_type=\"text-editor.default\">\n\t\t\t\t\t\t\t\t\t<p>As pol\u00edticas p\u00fablicas afetam a todos os cidad\u00e3os, independentemente de escolaridade, sexo, ra\u00e7a, religi\u00e3o ou n\u00edvel social.\u00a0<a href=\"https:\/\/www.politize.com.br\/politicas-publicas\/\">Elas s\u00e3o implementadas em diversas \u00e1reas como a sa\u00fade, a educa\u00e7\u00e3o, o meio ambiente, a habita\u00e7\u00e3o, a assist\u00eancia social, o lazer, o transporte e a seguran\u00e7a p\u00fablica, entre outras<\/a>.<\/p>\t\t\t\t\t\t\t\t<\/div>\n\t\t\t\t\t<\/div>\n\t\t\t\t<\/div>\n\t\t<div class=\"elementor-element elementor-element-a696750 e-flex e-con-boxed e-con e-parent\" data-id=\"a696750\" data-element_type=\"container\" data-e-type=\"container\">\n\t\t\t\t\t<div class=\"e-con-inner\">\n\t\t\t\t<div class=\"elementor-element elementor-element-edc1a1a elementor-widget elementor-widget-heading\" data-id=\"edc1a1a\" data-element_type=\"widget\" data-e-type=\"widget\" data-widget_type=\"heading.default\">\n\t\t\t\t\t<h2 class=\"elementor-heading-title elementor-size-default\">Qual o papel da psicologia nas pol\u00edticas p\u00fablicas?\n\n<\/h2>\t\t\t\t<\/div>\n\t\t\t\t\t<\/div>\n\t\t\t\t<\/div>\n\t\t<div class=\"elementor-element elementor-element-d2f6245 e-flex e-con-boxed e-con e-parent\" data-id=\"d2f6245\" data-element_type=\"container\" data-e-type=\"container\">\n\t\t\t\t\t<div class=\"e-con-inner\">\n\t\t\t\t<div class=\"elementor-element elementor-element-c19ea4a elementor-widget elementor-widget-text-editor\" data-id=\"c19ea4a\" data-element_type=\"widget\" data-e-type=\"widget\" data-widget_type=\"text-editor.default\">\n\t\t\t\t\t\t\t\t\t<p>A psicologia tem um papel muito importante nas pol\u00edticas p\u00fablicas, pois pode contribuir para a promo\u00e7\u00e3o da sa\u00fade mental e do bem-estar da popula\u00e7\u00e3o assistida, al\u00e9m de contribuir\u00a0 para a formula\u00e7\u00e3o, a implementa\u00e7\u00e3o e a avalia\u00e7\u00e3o de pol\u00edticas p\u00fablicas, por meio da produ\u00e7\u00e3o de conhecimento cient\u00edfico, da elabora\u00e7\u00e3o de projetos e programas, da realiza\u00e7\u00e3o de pesquisas e da forma\u00e7\u00e3o de profissionais.\u00a0<a href=\"https:\/\/www.scielo.br\/j\/psoc\/a\/q4gNDhBzVv7C3rRbwd376Wb\/\">Al\u00e9m disso, a psicologia pode atuar na promo\u00e7\u00e3o da participa\u00e7\u00e3o social e no fortalecimento da cidadania, por meio da mobiliza\u00e7\u00e3o e da organiza\u00e7\u00e3o da sociedade civil<\/a>.<\/p><p>Algumas das principais \u00e1reas de atua\u00e7\u00e3o da psicologia nas pol\u00edticas p\u00fablicas s\u00e3o:<\/p><ul><li><ul><li><a href=\"https:\/\/www.scielo.br\/j\/psoc\/a\/q4gNDhBzVv7C3rRbwd376Wb\/\"><strong>Sa\u00fade:<\/strong>\u00a0A psicologia pode contribuir para a promo\u00e7\u00e3o da sa\u00fade mental e do bem-estar da popula\u00e7\u00e3o atendida, por meio da elabora\u00e7\u00e3o de projetos e programas, da realiza\u00e7\u00e3o de pesquisas e da forma\u00e7\u00e3o de profissionais<\/a>.<\/li><li><a href=\"https:\/\/www.scielo.br\/j\/psoc\/a\/q4gNDhBzVv7C3rRbwd376Wb\/\"><strong>Educa\u00e7\u00e3o:<\/strong>\u00a0A psicologia pode atuar na formula\u00e7\u00e3o, implementa\u00e7\u00e3o e avalia\u00e7\u00e3o de pol\u00edticas p\u00fablicas educacionais, por meio da produ\u00e7\u00e3o de conhecimento cient\u00edfico, da elabora\u00e7\u00e3o de projetos e programas, da realiza\u00e7\u00e3o de pesquisas e da forma\u00e7\u00e3o de profissionais<\/a>.<\/li><li><a href=\"https:\/\/www.scielo.br\/j\/psoc\/a\/q4gNDhBzVv7C3rRbwd376Wb\/\"><strong>Assist\u00eancia social:<\/strong>\u00a0A psicologia pode contribuir para a promo\u00e7\u00e3o da cidadania e do bem-estar social, por meio da mobiliza\u00e7\u00e3o e organiza\u00e7\u00e3o da sociedade civil, da participa\u00e7\u00e3o em conselhos e f\u00f3runs de discuss\u00e3o, da elabora\u00e7\u00e3o de projetos e programas, da realiza\u00e7\u00e3o de pesquisas e da forma\u00e7\u00e3o de profissionais<\/a>.<\/li><li><a href=\"https:\/\/www.scielo.br\/j\/psoc\/a\/q4gNDhBzVv7C3rRbwd376Wb\/\"><strong>Meio ambiente:<\/strong><\/a><a href=\"https:\/\/www.scielo.br\/j\/psoc\/a\/q4gNDhBzVv7C3rRbwd376Wb\/\">\u00a0A psicologia pode atuar na formula\u00e7\u00e3o, implementa\u00e7\u00e3o e avalia\u00e7\u00e3o de pol\u00edticas p\u00fablicas ambientais, por meio da produ\u00e7\u00e3o de conhecimento cient\u00edfico, da elabora\u00e7\u00e3o de projetos e programas, da realiza\u00e7\u00e3o de pesquisas e da forma\u00e7\u00e3o de profissionais<\/a>.<\/li><\/ul><\/li><\/ul>\t\t\t\t\t\t\t\t<\/div>\n\t\t\t\t\t<\/div>\n\t\t\t\t<\/div>\n\t\t<div class=\"elementor-element elementor-element-fda8443 e-flex e-con-boxed e-con e-parent\" data-id=\"fda8443\" data-element_type=\"container\" data-e-type=\"container\">\n\t\t\t\t\t<div class=\"e-con-inner\">\n\t\t\t\t<div class=\"elementor-element elementor-element-fe2cd37 elementor-widget elementor-widget-spacer\" data-id=\"fe2cd37\" data-element_type=\"widget\" data-e-type=\"widget\" data-widget_type=\"spacer.default\">\n\t\t\t\t\t\t\t<div class=\"elementor-spacer\">\n\t\t\t<div class=\"elementor-spacer-inner\"><\/div>\n\t\t<\/div>\n\t\t\t\t\t\t<\/div>\n\t\t\t\t\t<\/div>\n\t\t\t\t<\/div>\n\t\t<div class=\"elementor-element elementor-element-bb1f461 e-flex e-con-boxed e-con e-parent\" data-id=\"bb1f461\" data-element_type=\"container\" data-e-type=\"container\">\n\t\t\t\t\t<div class=\"e-con-inner\">\n\t\t\t\t<div class=\"elementor-element elementor-element-b10fbb7 elementor-widget elementor-widget-text-editor\" data-id=\"b10fbb7\" data-element_type=\"widget\" data-e-type=\"widget\" data-widget_type=\"text-editor.default\">\n\t\t\t\t\t\t\t\t\t<a href=\"https:\/\/site.cfp.org.br\/publicacoes\/referencias-tecnicas-crepop\/\">O <strong>CREPOP<\/strong> (Centro de Refer\u00eancias T\u00e9cnicas em Psicologia e Pol\u00edticas P\u00fablicas) \u00e9 uma iniciativa do <strong>Conselho Federal de Psicologia<\/strong> (CFP) e dos Conselhos Regionais de Psicologia (CRP\u2019s) que foi criado em 2006 com o objetivo de promover a qualifica\u00e7\u00e3o da atua\u00e7\u00e3o profissional de psic\u00f3logas e psic\u00f3logos que atuam nas diversas pol\u00edticas p\u00fablicas<\/a>.\u00a0<a href=\"https:\/\/site.cfp.org.br\/publicacoes\/referencias-tecnicas-crepop\/\">O CREPOP produz refer\u00eancias t\u00e9cnicas para a atua\u00e7\u00e3o de psic\u00f3logas e psic\u00f3logos em pol\u00edticas p\u00fablicas, com o intuito de contribuir para a qualifica\u00e7\u00e3o do trabalho desses profissionais e para a garantia dos direitos da popula\u00e7\u00e3o atendida<\/a>.\nO CREPOP disponibiliza diversas publica\u00e7\u00f5es de refer\u00eancias t\u00e9cnicas para a atua\u00e7\u00e3o de psic\u00f3logas e psic\u00f3logos em diferentes \u00e1reas, como por exemplo: atua\u00e7\u00e3o no Centro de Aten\u00e7\u00e3o Psicossocial (CAPS), CRAS, CREAS e atua\u00e7\u00e3o junto aos povos ind\u00edgenas por meio de medidas socioeducativas, no sistema prisional, na gest\u00e3o integral de riscos, nas emerg\u00eancias e desastres, na popula\u00e7\u00e3o LGBTQQICAAPF2K+, entre outras.\u00a0<a href=\"https:\/\/site.cfp.org.br\/publicacoes\/referencias-tecnicas-crepop\/\">Al\u00e9m disso, o CREPOP tamb\u00e9m realiza semin\u00e1rios nacionais de psicologia e pol\u00edticas p\u00fablicas, com o objetivo de discutir e aprimorar a atua\u00e7\u00e3o da psicologia nas pol\u00edticas p\u00fablicas<\/a>.\t\t\t\t\t\t\t\t<\/div>\n\t\t\t\t\t<\/div>\n\t\t\t\t<\/div>\n\t\t<div class=\"elementor-element elementor-element-70f6851 e-flex e-con-boxed e-con e-parent\" data-id=\"70f6851\" data-element_type=\"container\" data-e-type=\"container\">\n\t\t\t\t\t<div class=\"e-con-inner\">\n\t\t\t\t<div class=\"elementor-element elementor-element-03a3218 elementor-widget elementor-widget-text-editor\" data-id=\"03a3218\" data-element_type=\"widget\" data-e-type=\"widget\" data-widget_type=\"text-editor.default\">\n\t\t\t\t\t\t\t\t\t<p>Para acessar as publica\u00e7\u00f5es do\u00a0<strong>CREPOP<\/strong>, acesse o link:\u00a0<a href=\"https:\/\/crepop.cfp.org.br\/\">https:\/\/crepop.cfp.org.br<\/a>.<br \/>L\u00e1 voc\u00ea encontrar\u00e1 uma lista completa das publica\u00e7\u00f5es dispon\u00edveis para download.<\/p>\t\t\t\t\t\t\t\t<\/div>\n\t\t\t\t\t<\/div>\n\t\t\t\t<\/div>\n\t\t\t\t<\/div>\n\t\t","protected":false},"excerpt":{"rendered":"<p>A Assessora t\u00e9cnica e de Pesquisa Regina Magna Fonseca (CRP 09\/4306) iniciou o seu trabalho no CREPOP do Conselho Regional de Psicologia de Goi\u00e1s (CRP09) em 2016. Ela explica que o CREPOP foi fundado em 2006, sendo que apartir de 2017 foi realizado um amplo processo de revis\u00e3o de todas as refer\u00eancias t\u00e9cnicas publicadas entre [&hellip;]<\/p>\n","protected":false},"author":2,"featured_media":0,"parent":0,"menu_order":0,"comment_status":"closed","ping_status":"closed","template":"","meta":{"footnotes":""},"class_list":["post-81","page","type-page","status-publish","hentry"],"blocksy_meta":[],"_links":{"self":[{"href":"https:\/\/crp09.org.br\/site\/wp-json\/wp\/v2\/pages\/81","targetHints":{"allow":["GET"]}}],"collection":[{"href":"https:\/\/crp09.org.br\/site\/wp-json\/wp\/v2\/pages"}],"about":[{"href":"https:\/\/crp09.org.br\/site\/wp-json\/wp\/v2\/types\/page"}],"author":[{"embeddable":true,"href":"https:\/\/crp09.org.br\/site\/wp-json\/wp\/v2\/users\/2"}],"replies":[{"embeddable":true,"href":"https:\/\/crp09.org.br\/site\/wp-json\/wp\/v2\/comments?post=81"}],"version-history":[{"count":16,"href":"https:\/\/crp09.org.br\/site\/wp-json\/wp\/v2\/pages\/81\/revisions"}],"predecessor-version":[{"id":118,"href":"https:\/\/crp09.org.br\/site\/wp-json\/wp\/v2\/pages\/81\/revisions\/118"}],"wp:attachment":[{"href":"https:\/\/crp09.org.br\/site\/wp-json\/wp\/v2\/media?parent=81"}],"curies":[{"name":"wp","href":"https:\/\/api.w.org\/{rel}","templated":true}]}}